{"id":1625,"date":"2023-01-25T09:33:18","date_gmt":"2023-01-25T12:33:18","guid":{"rendered":"https:\/\/escolaomega.net\/novosite\/?page_id=1625"},"modified":"2023-02-15T07:10:56","modified_gmt":"2023-02-15T10:10:56","slug":"curso-de-capacitacao-em-direito-e-seguranca-do-paciente","status":"publish","type":"page","link":"https:\/\/escolaomega.net\/novosite\/curso-de-capacitacao-em-direito-e-seguranca-do-paciente\/","title":{"rendered":"Curso de Capacita\u00e7\u00e3o em Seguran\u00e7a do Paciente e Direito M\u00e9dico"},"content":{"rendered":"\n<h3 class=\"has-text-align-center wp-block-heading\">CURSO DE CAPACITA\u00c7\u00c3O EM SEGURAN\u00c7A DO PACIENTE E DIREITO M\u00c9DICO<\/h3>\n\n\n<div class=\"wp-block-image\">\n<figure class=\"aligncenter size-large is-resized\"><img loading=\"lazy\" decoding=\"async\" src=\"https:\/\/escolaomega.net\/novosite\/wp-content\/uploads\/2023\/01\/image-1024x683.png\" alt=\"\" class=\"wp-image-1656\" width=\"627\" height=\"418\" srcset=\"https:\/\/escolaomega.net\/novosite\/wp-content\/uploads\/2023\/01\/image-1024x683.png 1024w, https:\/\/escolaomega.net\/novosite\/wp-content\/uploads\/2023\/01\/image-300x200.png 300w, https:\/\/escolaomega.net\/novosite\/wp-content\/uploads\/2023\/01\/image-768x512.png 768w, https:\/\/escolaomega.net\/novosite\/wp-content\/uploads\/2023\/01\/image-1536x1024.png 1536w, https:\/\/escolaomega.net\/novosite\/wp-content\/uploads\/2023\/01\/image-2048x1365.png 2048w\" sizes=\"auto, (max-width: 627px) 100vw, 627px\" \/><\/figure>\n<\/div>\n\n\n<hr class=\"wp-block-separator has-css-opacity\"\/>\n\n\n\n<blockquote class=\"wp-block-quote is-layout-flow wp-block-quote-is-layout-flow\">\n<p><strong>CURSO DE CAPACITA\u00c7\u00c3O EM SEGURAN\u00c7A DO PACIENTE E DIREITO M\u00c9DICO<\/strong> <\/p>\n\n\n\n<p>IN\u00cdCIO: 09 de Mar\u00e7o de 2023<\/p>\n\n\n\n<p>VALOR: <\/p>\n\n\n\n<p>R$ 450,00 (Boleto ou Cart\u00e3o de Cr\u00e9dito &#8211; \u00e0 vista)<\/p>\n\n\n\n<p>ou<\/p>\n\n\n\n<p>R$ 550,00 ( 10x de R$ 55,00 &#8211; Cart\u00e3o de Cr\u00e9dito )<\/p>\n\n\n\n<p><\/p>\n\n\n\n<p>DURA\u00c7\u00c3O: 3 meses<\/p>\n\n\n\n<figure class=\"wp-block-table\"><table><tbody><tr><td><strong>TURMA 1 <\/strong><br><strong>PRESENCIAL:<\/strong><\/td><td>Quinta-Feira (19:00 as 21:00) e S\u00e1bado (08:00 as 11:30)<\/td><\/tr><tr><td><strong>TURMA 2 <\/strong><br><strong>EAD (online):<\/strong><\/td><td>Aulas disponibilizadas nas Ter\u00e7as-feiras (19:00) e Quintas-feiras (19:00)<\/td><\/tr><\/tbody><\/table><\/figure>\n\n\n\n<p><\/p>\n\n\n\n<p>CARGA HOR\u00c1RIA: 60 horas <\/p>\n\n\n\n<p>AULAS PRESENCIAIS e ONLINE !<\/p>\n\n\n\n<p><\/p>\n\n\n\n<p>CERTIFICADO NO FINAL DO CURSO<\/p>\n\n\n\n<p>Informa\u00e7\u00f5es:<br>(83) 98868-1960 (Whatsapp)<\/p>\n\n\n\n<p>(83) 98716-9697 (Whatsapp)<\/p>\n<\/blockquote>\n\n\n\n<hr class=\"wp-block-separator has-css-opacity\"\/>\n\n\n<div class=\"wp-block-image\">\n<figure class=\"aligncenter size-large is-resized\"><img loading=\"lazy\" decoding=\"async\" src=\"https:\/\/escolaomega.net\/novosite\/wp-content\/uploads\/2023\/01\/image-2-1024x621.png\" alt=\"\" class=\"wp-image-1659\" width=\"332\" height=\"201\" srcset=\"https:\/\/escolaomega.net\/novosite\/wp-content\/uploads\/2023\/01\/image-2-1024x621.png 1024w, https:\/\/escolaomega.net\/novosite\/wp-content\/uploads\/2023\/01\/image-2-300x182.png 300w, https:\/\/escolaomega.net\/novosite\/wp-content\/uploads\/2023\/01\/image-2-768x466.png 768w, https:\/\/escolaomega.net\/novosite\/wp-content\/uploads\/2023\/01\/image-2-1536x932.png 1536w, https:\/\/escolaomega.net\/novosite\/wp-content\/uploads\/2023\/01\/image-2.png 1780w\" sizes=\"auto, (max-width: 332px) 100vw, 332px\" \/><\/figure>\n<\/div>\n\n\n<h2 class=\"has-text-align-center wp-block-heading\">Sobre o Curso:<\/h2>\n\n\n\n<p>A responsabiliza\u00e7\u00e3o civil (Repara\u00e7\u00e3o de danos) na seara da Sa\u00fade, por erro m\u00e9dico, vem aumentando exponencialmente. Seu crescimento gira em torno de 130%. Esses n\u00fameros revelam o sens\u00edvel quadro em que profissionais da sa\u00fade, pacientes, familiares de pacientes, planos de sa\u00fade, entre outros, est\u00e3o inseridos. Dos 19,4 milh\u00f5es anuais de pacientes em hospitais, 1,4 milh\u00e3o passa por erros da equipe m\u00e9dica. S\u00e3o quase 55 mil mortes por ano no pa\u00eds, o equivalente a 6 paciente por hora por conta de erros m\u00e9dicos. O conhecimento adequado \u00e9 o diferencial para uma qualifica\u00e7\u00e3o cada vez mais necess\u00e1ria no mercado de trabalho, j\u00e1 que age como preven\u00e7\u00e3o a poss\u00edveis responsabilidade civil por erros provocados pela equipe m\u00e9dica.<\/p>\n\n\n\n<p>O Curso de Capacita\u00e7\u00e3o em Seguran\u00e7a do Paciente e Direito M\u00e9dico tem dura\u00e7\u00e3o de 03 meses, com carga hor\u00e1ria de 60h, com encontros Presenciais (Turma 1) ou Aulas online (Turma 2).<\/p>\n\n\n\n<h2 class=\"has-text-align-center wp-block-heading\">Objetivo Geral:<\/h2>\n\n\n\n<p>Capacitar o profissional da sa\u00fade, tornando-o diferenciado, com o conhecimento adequado para promover a melhor intera\u00e7\u00e3o nesse ambiente, com uma vis\u00e3o humana para al\u00e9m de suas fun\u00e7\u00f5es org\u00e2nicas.<\/p>\n\n\n\n<h2 class=\"has-text-align-center wp-block-heading\">Objetivos Espec\u00edficos:<\/h2>\n\n\n\n<p>\u2022 Implantar medidas preventivas que evitem processos de alto custo;<br>\u2022 Compreens\u00e3o das normas de Sa\u00fade, com especial \u00eanfase para direito e deveres da equipe m\u00e9dica e sua responsabilidade civil;<br>\u2022 Olhar adequado sobre os problemas no planejamento e da gest\u00e3o em sa\u00fade, considerando a expectativa social do funcionamento eficaz, eficiente e do que seja socialmente justo;<br>\u2022 Compreens\u00e3o das atuais pol\u00edticas p\u00fablicas de sa\u00fade no Brasil, do SUS e da Sa\u00fade Suplementar<\/p>\n\n\n<div class=\"wp-block-image\">\n<figure class=\"aligncenter size-full is-resized\"><img loading=\"lazy\" decoding=\"async\" src=\"https:\/\/escolaomega.net\/novosite\/wp-content\/uploads\/2023\/01\/image-3.png\" alt=\"\" class=\"wp-image-1660\" width=\"423\" height=\"238\" srcset=\"https:\/\/escolaomega.net\/novosite\/wp-content\/uploads\/2023\/01\/image-3.png 640w, https:\/\/escolaomega.net\/novosite\/wp-content\/uploads\/2023\/01\/image-3-300x169.png 300w\" sizes=\"auto, (max-width: 423px) 100vw, 423px\" \/><\/figure>\n<\/div>\n\n<div class=\"wp-block-image\">\n<figure class=\"aligncenter size-large is-resized\"><img loading=\"lazy\" decoding=\"async\" src=\"https:\/\/escolaomega.net\/novosite\/wp-content\/uploads\/2021\/01\/1531767796_metodologia-trabajo.png\" alt=\"\" class=\"wp-image-874\" width=\"179\" height=\"156\"\/><\/figure>\n<\/div>\n\n\n<h2 class=\"has-text-align-center wp-block-heading\">Conte\u00fado Program\u00e1tico:<\/h2>\n\n\n\n<h5 class=\"wp-block-heading\"><\/h5>\n\n\n\n<div class=\"wp-block-columns is-layout-flex wp-container-core-columns-is-layout-9d6595d7 wp-block-columns-is-layout-flex\">\n<div class=\"wp-block-column is-layout-flow wp-block-column-is-layout-flow\" style=\"flex-basis:100%\">\n<figure class=\"wp-block-table\"><table><tbody><tr><td>\u2022 C\u00f3digo de \u00c9tica<\/td><\/tr><tr><td>\u2022 Normativas do CFM\/COFEN\/CFO e Processo Disciplinar<\/td><\/tr><tr><td>\u2022 Gest\u00e3o de conflitos na \u00c1rea de Sa\u00fade.<\/td><\/tr><tr><td>\u2022 Erro M\u00e9dico \u2013 Estrat\u00e9gia de Governan\u00e7a cl\u00ednica<\/td><\/tr><tr><td>\u2022 Implanta\u00e7\u00e3o\/adequa\u00e7\u00e3o N\u00facleo de Seguran\u00e7a<\/td><\/tr><tr><td>\u2022 Elabora\u00e7\u00e3o de Protocolos<\/td><\/tr><tr><td>\u2022 Judicializa\u00e7\u00e3o da Sa\u00fade<\/td><\/tr><tr><td>\u2022 Responsabilidade Civil dos prestadores de Sa\u00fade<\/td><\/tr><tr><td>\u2022 Direito Penal M\u00e9dico<\/td><\/tr><\/tbody><\/table><\/figure>\n<\/div>\n<\/div>\n\n\n\n<p><\/p>\n\n\n\n<h4 class=\"has-text-align-center wp-block-heading\">P\u00fablico alvo: <\/h4>\n\n\n\n<p>T\u00e9cnico e Auxiliar em Enfermagem, Enfermeiros, M\u00e9dicos, Anestesistas, T\u00e9cnicos e Auxiliar em Sa\u00fade Bucal, Dentistas, Advogados, graduandos de Enfermagem, Medicina, Odontologia e Direito.<\/p>\n\n\n\n<h4 class=\"has-text-align-center wp-block-heading\"><\/h4>\n\n\n<div class=\"wp-block-image\">\n<figure class=\"aligncenter size-full is-resized\"><img loading=\"lazy\" decoding=\"async\" src=\"https:\/\/escolaomega.net\/novosite\/wp-content\/uploads\/2023\/01\/image-4.png\" alt=\"\" class=\"wp-image-1661\" width=\"492\" height=\"282\" srcset=\"https:\/\/escolaomega.net\/novosite\/wp-content\/uploads\/2023\/01\/image-4.png 1000w, https:\/\/escolaomega.net\/novosite\/wp-content\/uploads\/2023\/01\/image-4-300x173.png 300w, https:\/\/escolaomega.net\/novosite\/wp-content\/uploads\/2023\/01\/image-4-768x442.png 768w\" sizes=\"auto, (max-width: 492px) 100vw, 492px\" \/><\/figure>\n<\/div>\n\n\n<hr class=\"wp-block-separator has-css-opacity\"\/>\n\n\n\n<h4 class=\"has-text-align-center wp-block-heading\">Matr\u00edculas Abertas !<\/h4>\n\n\n<div class=\"wp-block-image\">\n<figure class=\"aligncenter size-large is-resized\"><a href=\"https:\/\/escolaomega.net\/novosite\/contrato-de-matricula-2023-curso-capacitacao-em-seguranca-do-paciente-e-direito-medico\/\"><img loading=\"lazy\" decoding=\"async\" src=\"https:\/\/escolaomega.net\/novosite\/wp-content\/uploads\/2021\/06\/boleto-bancario-1024x538.png\" alt=\"\" class=\"wp-image-1112\" width=\"421\" height=\"221\" srcset=\"https:\/\/escolaomega.net\/novosite\/wp-content\/uploads\/2021\/06\/boleto-bancario-1024x538.png 1024w, https:\/\/escolaomega.net\/novosite\/wp-content\/uploads\/2021\/06\/boleto-bancario-300x158.png 300w, https:\/\/escolaomega.net\/novosite\/wp-content\/uploads\/2021\/06\/boleto-bancario-768x403.png 768w, https:\/\/escolaomega.net\/novosite\/wp-content\/uploads\/2021\/06\/boleto-bancario.png 1200w\" sizes=\"auto, (max-width: 421px) 100vw, 421px\" \/><\/a><\/figure>\n<\/div>\n\n\n<h5 class=\"has-text-align-center wp-block-heading\"><a href=\"https:\/\/escolaomega.net\/novosite\/contrato-de-matricula-2023-curso-capacitacao-em-seguranca-do-paciente-e-direito-medico\/\">Clique aqui para fazer a Matr\u00edcula !<\/a><\/h5>\n","protected":false},"excerpt":{"rendered":"<p>CURSO DE CAPACITA\u00c7\u00c3O EM SEGURAN\u00c7A DO PACIENTE E DIREITO M\u00c9DICO CURSO DE CAPACITA\u00c7\u00c3O EM SEGURAN\u00c7A DO PACIENTE E DIREITO M\u00c9DICO IN\u00cdCIO: 09 de Mar\u00e7o de 2023 VALOR: R$ 450,00 (Boleto ou Cart\u00e3o de Cr\u00e9dito &#8211; \u00e0 vista) ou R$ 550,00 ( 10x de R$ 55,00 &#8211; Cart\u00e3o de Cr\u00e9dito ) DURA\u00c7\u00c3O: 3 meses TURMA 1 [&hellip;]<\/p>\n","protected":false},"author":1,"featured_media":991,"parent":0,"menu_order":0,"comment_status":"closed","ping_status":"closed","template":"template\/template-page-full-width.php","meta":{"footnotes":""},"class_list":["post-1625","page","type-page","status-publish","has-post-thumbnail","hentry"],"_links":{"self":[{"href":"https:\/\/escolaomega.net\/novosite\/wp-json\/wp\/v2\/pages\/1625","targetHints":{"allow":["GET"]}}],"collection":[{"href":"https:\/\/escolaomega.net\/novosite\/wp-json\/wp\/v2\/pages"}],"about":[{"href":"https:\/\/escolaomega.net\/novosite\/wp-json\/wp\/v2\/types\/page"}],"author":[{"embeddable":true,"href":"https:\/\/escolaomega.net\/novosite\/wp-json\/wp\/v2\/users\/1"}],"replies":[{"embeddable":true,"href":"https:\/\/escolaomega.net\/novosite\/wp-json\/wp\/v2\/comments?post=1625"}],"version-history":[{"count":18,"href":"https:\/\/escolaomega.net\/novosite\/wp-json\/wp\/v2\/pages\/1625\/revisions"}],"predecessor-version":[{"id":1720,"href":"https:\/\/escolaomega.net\/novosite\/wp-json\/wp\/v2\/pages\/1625\/revisions\/1720"}],"wp:featuredmedia":[{"embeddable":true,"href":"https:\/\/escolaomega.net\/novosite\/wp-json\/wp\/v2\/media\/991"}],"wp:attachment":[{"href":"https:\/\/escolaomega.net\/novosite\/wp-json\/wp\/v2\/media?parent=1625"}],"curies":[{"name":"wp","href":"https:\/\/api.w.org\/{rel}","templated":true}]}}